{"id":20632,"date":"2020-10-04T18:05:04","date_gmt":"2020-10-04T18:05:04","guid":{"rendered":"https:\/\/www.divis.eu\/divis-video-management-for-cep-customer-interview\/"},"modified":"2021-01-15T02:17:18","modified_gmt":"2021-01-15T02:17:18","slug":"divis-video-tracking-pour-cep-interview-client","status":"publish","type":"page","link":"https:\/\/www.divis.eu\/fr\/divis-video-tracking-pour-cep-interview-client\/","title":{"rendered":"DIVIS | Vid\u00e9o-tracking pour CEP &#8211; Interview client"},"content":{"rendered":"\n<h1>\n\t\tDIVIS\n\t<\/h1>\n<h1>\n\t\tInterview client\n\t<\/h1>\n\t\tMen\u00fc\t\t\t\n\t\t\t\t\t<ul id=\"menu-kundennutzen-fr\"><li id=\"menu-item-20637\"><a href=\"https:\/\/www.divis.eu\/fr\/divis-gestion-video-dans-les-entrepots-et-les-depots-avantage-client\/\">Avantage client<\/a><\/li>\n<li id=\"menu-item-20635\"><a href=\"https:\/\/www.divis.eu\/fr\/divis-solutions-video-pour-la-logistique-amortissement\/\">Amortissement<\/a><\/li>\n<li id=\"menu-item-20638\"><a href=\"https:\/\/www.divis.eu\/fr\/references-etudes-de-cas-suivi-des-envois-dans-lentrepot\/\">R\u00e9f\u00e9rences<\/a><\/li>\n<\/ul>\t\n\t\t\t\t<img decoding=\"async\" src=\"https:\/\/www.divis.eu\/wp-content\/uploads\/2020\/10\/w.albeck1-min.png\" alt=\"W. Ahlbeck | CEO trans-o-flex\" itemprop=\"image\" height=\"493\" width=\"400\" title=\"w.albeck1-min\" onerror=\"this.style.display='none'\"  \/>\n\t<h4>\u00ab Selon nous, DIVIS se distingue par<br \/>son extr\u00eame fiabilit\u00e9.<br \/>DIVIS con\u00e7oit des solutions durables.<br \/>et pas seulement qui fonctionnent<br \/>\u00e0 court ou \u00e0 moyen terme. \u00bb<\/h4>\n\tWolfgang P. Albeck | DG trans-o-flex<br \/>\n<h3>\n\t\tDIVIS\n\t<\/h3>\n<h1>\n\t\tInterview client\n\t<\/h1>\n\t\tMen\u00fc\t\t\t\n\t\t\t\t\t<ul id=\"menu-kundennutzen-fr-1\"><li id=\"menu-item-20637\"><a href=\"https:\/\/www.divis.eu\/fr\/divis-gestion-video-dans-les-entrepots-et-les-depots-avantage-client\/\">Avantage client<\/a><\/li>\n<li id=\"menu-item-20635\"><a href=\"https:\/\/www.divis.eu\/fr\/divis-solutions-video-pour-la-logistique-amortissement\/\">Amortissement<\/a><\/li>\n<li id=\"menu-item-20638\"><a href=\"https:\/\/www.divis.eu\/fr\/references-etudes-de-cas-suivi-des-envois-dans-lentrepot\/\">R\u00e9f\u00e9rences<\/a><\/li>\n<\/ul>\t\n\t<h1>\n\t\tL&rsquo;avantage d&rsquo;une solution DIVIS du point de vue d&rsquo;un DG CEP\n\t<\/h1>\n<h1>\n\t\tWolfgang P. Albeck DG de trans-o-flex dans une interview avec DIVIS\n\t<\/h1>\n\t\t\t\t<img decoding=\"async\" src=\"https:\/\/www.divis.eu\/wp-content\/uploads\/2020\/10\/divis-logo-m-hg1-1.png\" alt=\"DIVIS Logo\" title=\"divis-logo-m-hg1\" itemprop=\"image\"\/>\n\t\t<h3>M. Albeck, quelle contribution DIVIS peut-elle apporter pour atteindre vos objectifs ?<\/h3>\t\t\t\n\t\t\t\t<img decoding=\"async\" src=\"https:\/\/www.divis.eu\/wp-content\/uploads\/2020\/10\/w.albrecht-klein.png\" alt=\"W. Ahlbeck | CEO trans-o-flex\" title=\"w.albrecht-klein\" itemprop=\"image\"\/>\n\t\t\t\t<p>trans-o-flex est un sp\u00e9cialiste des marchandises de haute teneur et sensibles. Le succ\u00e8s de notre entreprise d\u00e9pend de l&rsquo;\u00e9tendue et de la qualit\u00e9 \u00e9lev\u00e9e de nos services. Outre la rapidit\u00e9, la flexibilit\u00e9 et la fiabilit\u00e9, cela inclut notamment l&rsquo;int\u00e9grit\u00e9 des marchandises qui nous sont confi\u00e9es par nos clients. Les taux de perte et de dommages les plus bas ont \u00e9t\u00e9 un argument commercial unique de trans-o-flex pendant des d\u00e9cennies. Le syst\u00e8me vid\u00e9o de DIVIS nous aide dans cette t\u00e2che. Cela nous permettra de continuer \u00e0 garantir les normes les plus \u00e9lev\u00e9es possibles pour une infrastructure logistique s\u00e9curis\u00e9e et une cha\u00eene d&rsquo;approvisionnement s\u00fbre \u00e0 l&rsquo;avenir.<\/p>\n\t\t\t\t<img decoding=\"async\" src=\"https:\/\/www.divis.eu\/wp-content\/uploads\/2020\/10\/divis-logo-m-hg1-1.png\" alt=\"DIVIS Logo\" title=\"divis-logo-m-hg1\" itemprop=\"image\"\/>\n\t\t<h3>Quels sont les arguments de votre service de s\u00e9curit\u00e9 et\/ou de votre service informatique qui vous ont convaincu d&rsquo;utiliser une solution de DIVIS ?<\/h3>\t\t\t\n\t\t\t\t<img decoding=\"async\" src=\"https:\/\/www.divis.eu\/wp-content\/uploads\/2020\/10\/w.albrecht-klein.png\" alt=\"W. Ahlbeck | CEO trans-o-flex\" title=\"w.albrecht-klein\" itemprop=\"image\"\/>\n\t\t\t\t<p>Pour obtenir les meilleurs r\u00e9sultats, vous devez disposer des meilleures structures et des meilleurs outils de travail possibles. Notre d\u00e9partement d\u00e9di\u00e9 a analys\u00e9 le march\u00e9 des solutions de s\u00e9curit\u00e9 et a formul\u00e9 une recommandation, que nous avons suivie dans le conseil d&rsquo;administration.<br \/>Il \u00e9tait et est toujours d&rsquo;une importance cruciale pour notre d\u00e9partement de s\u00e9curit\u00e9 de r\u00e9soudre les perturbations des envois dans un d\u00e9lai de traitement court afin de pr\u00e9venir les irr\u00e9gularit\u00e9s. En raison de nos normes de s\u00e9curit\u00e9, nous avions besoin d&rsquo;un partenaire ayant une connaissance approfondie des exigences de s\u00e9curit\u00e9 telles que le TAPA FSR C.<br \/>DIVIS a rapidement reconnu nos besoins et a d\u00e9velopp\u00e9 des solutions pr\u00e9cises. Pendant la phase de r\u00e9alisation, le concept vid\u00e9o n&rsquo;a pas d\u00fb \u00eatre adapt\u00e9, mais a pu \u00eatre mis en \u0153uvre comme pr\u00e9vu.<\/p>\n\t\t\t\t<img decoding=\"async\" src=\"https:\/\/www.divis.eu\/wp-content\/uploads\/2020\/10\/divis-logo-m-hg1-1.png\" alt=\"DIVIS Logo\" title=\"divis-logo-m-hg1\" itemprop=\"image\"\/>\n\t\t<h3>\u00c0 votre avis, qu&rsquo;est-ce qui distingue DIVIS des autres fournisseurs dans ce contexte ?<\/h3>\t\t\t\n\t\t\t\t<img decoding=\"async\" src=\"https:\/\/www.divis.eu\/wp-content\/uploads\/2020\/10\/w.albrecht-klein.png\" alt=\"W. Ahlbeck | CEO trans-o-flex\" title=\"w.albrecht-klein\" itemprop=\"image\"\/>\n\t\t\t\t<p>Selon nous, DIVIS se distingue par son extr\u00eame fiabilit\u00e9. DIVIS con\u00e7oit des solutions durables et pas seulement qui fonctionnent \u00e0 court ou \u00e0 moyen terme. Le processus d&rsquo;am\u00e9lioration continu requis \u00e0 cet effet est assur\u00e9 pendant toute la dur\u00e9e du contrat.<\/p>\n\t\t\t\t<img decoding=\"async\" src=\"https:\/\/www.divis.eu\/wp-content\/uploads\/2020\/10\/divis-logo-m-hg1-1.png\" alt=\"DIVIS Logo\" title=\"divis-logo-m-hg1\" itemprop=\"image\"\/>\n\t\t<h3>Quelle est pour vous l&rsquo;importance d&rsquo;un retour sur investissement \u00e0 court terme dans une solution vid\u00e9o ?<\/h3>\t\t\t\n\t\t\t\t<img decoding=\"async\" src=\"https:\/\/www.divis.eu\/wp-content\/uploads\/2020\/10\/w.albrecht-klein.png\" alt=\"W. Ahlbeck | CEO trans-o-flex\" title=\"w.albrecht-klein\" itemprop=\"image\"\/>\n\t\t\t\t<p>Un remboursement \u00e0 court terme est important, mais ce n&rsquo;est pas le seul crit\u00e8re. Nous utilisons des solutions vid\u00e9o pour prot\u00e9ger les biens de nos clients \u00e0 long terme et nous avons des normes de qualit\u00e9 extr\u00eamement \u00e9lev\u00e9es. La solution vid\u00e9o doit \u00e9galement \u00eatre adapt\u00e9e \u00e0 cette fin. Elle doit soutenir la livraison ponctuelle et sans dommage chez nos destinataires et am\u00e9liorer encore notre qualit\u00e9.<br \/>Plus la phase d&rsquo;amortissement est courte, plus rapidement les innovations en mati\u00e8re de solutions vid\u00e9o peuvent \u00eatre planifi\u00e9es et mises en \u0153uvre. Parce que le cycle de vie de ces installations est clair. Nous supposons qu&rsquo;apr\u00e8s sept ans d&rsquo;utilisation moyenne, les syst\u00e8mes n\u00e9cessitent plus de maintenance et sont plus susceptibles de tomber en panne et doivent \u00eatre remplac\u00e9s. Cela impose des limites strictes \u00e0 la p\u00e9riode d&rsquo;amortissement.<\/p>\n\t\t\t\t<a href=\"https:\/\/www.divis.eu\/fr\/securite-grace-a-la-vue-panoramique-chez-trans-o-flex\/\" target=\"_self\" itemprop=\"url\" rel=\"noopener noreferrer\">\n\t\t\t\t<img decoding=\"async\" src=\"https:\/\/www.divis.eu\/wp-content\/uploads\/2021\/01\/banner-transoflex.jpg\" alt=\"banner-transoflex\" title=\"banner-transoflex\" itemprop=\"image\"  \/>\n\t\t\t\t\t\t<\/a>\n\t\t\t<a href=\"https:\/\/www.divis.eu\/fr\/securite-grace-a-la-vue-panoramique-chez-trans-o-flex\/\" target=\"_self\" role=\"button\" rel=\"noopener noreferrer\">\n\t\t\t\t\t\t\t\u00c9tude de cas\n\t\t<\/a>\n\t\t\t\t<img decoding=\"async\" src=\"https:\/\/www.divis.eu\/wp-content\/uploads\/2018\/01\/kundenlogo-CTL.png\" alt=\"kundenlogo-CTL\" itemprop=\"image\" height=\"51\" width=\"120\" title=\"kundenlogo-CTL\" onerror=\"this.style.display='none'\"  \/>\n\t\t\t\t<img decoding=\"async\" src=\"https:\/\/www.divis.eu\/wp-content\/uploads\/2018\/01\/kundenlogo-dpd.png\" alt=\"kundenlogo-dpd\" itemprop=\"image\" height=\"51\" width=\"120\" title=\"kundenlogo-dpd\" onerror=\"this.style.display='none'\"  \/>\n\t\t\t\t<img decoding=\"async\" src=\"https:\/\/www.divis.eu\/wp-content\/uploads\/2018\/01\/kundenlogo-emons.png\" alt=\"Emons | DIVIS-Kunde\" itemprop=\"image\" height=\"51\" width=\"120\" title=\"kundenlogo-emons\" onerror=\"this.style.display='none'\"  \/>\n\t\t\t\t<img decoding=\"async\" src=\"https:\/\/www.divis.eu\/wp-content\/uploads\/2018\/01\/kundenlogo-online.png\" alt=\"kundenlogo-online\" itemprop=\"image\" height=\"51\" width=\"120\" title=\"kundenlogo-online\" onerror=\"this.style.display='none'\"  \/>\n\t\t\t\t<img decoding=\"async\" src=\"https:\/\/www.divis.eu\/wp-content\/uploads\/2018\/01\/kundenlogo-rhenus.png\" alt=\"Rhenus Logistics | DIVIS-Kunde\" title=\"kundenlogo-rhenus\" itemprop=\"image\"  \/>\n\t\t\t\t<img decoding=\"async\" src=\"https:\/\/www.divis.eu\/wp-content\/uploads\/2018\/01\/kundenlogo-tsb.png\" alt=\"kundenlogo-tsb\" itemprop=\"image\" height=\"51\" width=\"120\" title=\"kundenlogo-tsb\" onerror=\"this.style.display='none'\"  \/>\n\t\t\t\t<img decoding=\"async\" src=\"https:\/\/www.divis.eu\/wp-content\/uploads\/2018\/01\/kundenlogo-gebrueder-weiss.png\" alt=\"Gebr\u00fcder Weiss | DIVIS-Kunde\" itemprop=\"image\" height=\"51\" width=\"150\" title=\"kundenlogo-gebrueder-weiss\" onerror=\"this.style.display='none'\"  \/>\n\t\t\t\t<img decoding=\"async\" src=\"https:\/\/www.divis.eu\/wp-content\/uploads\/2018\/01\/kundenlogo-tchibo.png\" alt=\"Tchibo | DIVIS-Kunde\" title=\"kundenlogo-tchibo\" itemprop=\"image\"  \/>\n\t\t\t\t<img decoding=\"async\" src=\"https:\/\/www.divis.eu\/wp-content\/uploads\/2018\/01\/kundenlogo-24plus.png\" alt=\"kundenlogo-24plus\" itemprop=\"image\" height=\"51\" width=\"120\" title=\"kundenlogo-24plus\" onerror=\"this.style.display='none'\"  \/>\n\t\t\t\t<img decoding=\"async\" src=\"https:\/\/www.divis.eu\/wp-content\/uploads\/2018\/01\/kundenlogo-raben.png\" alt=\"Raben Group | DIVIS-Kunde\" title=\"kundenlogo-raben\" itemprop=\"image\"  \/>\n\t\t\t\t<img decoding=\"async\" src=\"https:\/\/www.divis.eu\/wp-content\/uploads\/2018\/01\/kundenlogo-geis.png\" alt=\"Spedition Geis | DIVIS-Kunde\" title=\"kundenlogo-geis\" itemprop=\"image\"  \/>\n\t\t\t\t<img decoding=\"async\" src=\"https:\/\/www.divis.eu\/wp-content\/uploads\/2018\/01\/kundenlogo-zufall.png\" alt=\"kundenlogo-zufall\" itemprop=\"image\" height=\"51\" width=\"120\" title=\"kundenlogo-zufall\" onerror=\"this.style.display='none'\"  \/>\n\n","protected":false},"excerpt":{"rendered":"<p>DIVIS Interview client Men\u00fc Avantage client Amortissement R\u00e9f\u00e9rences \u00ab Selon nous, DIVIS se distingue parson extr\u00eame fiabilit\u00e9.DIVIS con\u00e7oit des solutions durables.et pas seulement qui fonctionnent\u00e0 court ou \u00e0 moyen terme. \u00bb Wolfgang P. Albeck | DG trans-o-flex DIVIS Interview client Men\u00fc Avantage client Amortissement R\u00e9f\u00e9rences L&rsquo;avantage d&rsquo;une solution DIVIS du point de vue d&rsquo;un DG&hellip;<\/p>\n","protected":false},"author":1,"featured_media":0,"parent":0,"menu_order":0,"comment_status":"closed","ping_status":"closed","template":"","meta":{"footnotes":""},"class_list":["post-20632","page","type-page","status-publish","hentry"],"yoast_head":"<!-- This site is optimized with the Yoast SEO plugin v27.4 - https:\/\/yoast.com\/product\/yoast-seo-wordpress\/ -->\n<title>DIVIS Bordesholm | Vid\u00e9o-tracking pour CEP | Interview client<\/title>\n<meta name=\"description\" content=\"L&#039;avantage d&#039;une solution vid\u00e9o-tracking du point de vue d&#039;un DG CEP. Wolfgang P. Albeck DG de trans-o-flex dans une interview client\" \/>\n<meta name=\"robots\" content=\"index, follow, max-snippet:-1, max-image-preview:large, max-video-preview:-1\" \/>\n<link rel=\"canonical\" href=\"https:\/\/www.divis.eu\/fr\/divis-video-tracking-pour-cep-interview-client\/\" \/>\n<meta property=\"og:locale\" content=\"fr_FR\" \/>\n<meta property=\"og:type\" content=\"article\" \/>\n<meta property=\"og:title\" content=\"DIVIS Bordesholm | Vid\u00e9o-tracking pour CEP | Interview client\" \/>\n<meta property=\"og:description\" content=\"L&#039;avantage d&#039;une solution vid\u00e9o-tracking du point de vue d&#039;un DG CEP. Wolfgang P. Albeck DG de trans-o-flex dans une interview client\" \/>\n<meta property=\"og:url\" content=\"https:\/\/www.divis.eu\/fr\/divis-video-tracking-pour-cep-interview-client\/\" \/>\n<meta property=\"og:site_name\" content=\"DIVIS - The intelligent view\" \/>\n<meta property=\"article:modified_time\" content=\"2021-01-15T02:17:18+00:00\" \/>\n<meta property=\"og:image\" content=\"https:\/\/www.divis.eu\/wp-content\/uploads\/2020\/10\/w.albeck1-min.png\" \/>\n<meta name=\"twitter:card\" content=\"summary_large_image\" \/>\n<meta name=\"twitter:label1\" content=\"Dur\u00e9e de lecture estim\u00e9e\" \/>\n\t<meta name=\"twitter:data1\" content=\"3 minutes\" \/>\n<script type=\"application\/ld+json\" class=\"yoast-schema-graph\">{\"@context\":\"https:\\\/\\\/schema.org\",\"@graph\":[{\"@type\":\"WebPage\",\"@id\":\"https:\\\/\\\/www.divis.eu\\\/fr\\\/divis-video-tracking-pour-cep-interview-client\\\/\",\"url\":\"https:\\\/\\\/www.divis.eu\\\/fr\\\/divis-video-tracking-pour-cep-interview-client\\\/\",\"name\":\"DIVIS Bordesholm | Vid\u00e9o-tracking pour CEP | Interview client\",\"isPartOf\":{\"@id\":\"https:\\\/\\\/www.divis.eu\\\/#website\"},\"primaryImageOfPage\":{\"@id\":\"https:\\\/\\\/www.divis.eu\\\/fr\\\/divis-video-tracking-pour-cep-interview-client\\\/#primaryimage\"},\"image\":{\"@id\":\"https:\\\/\\\/www.divis.eu\\\/fr\\\/divis-video-tracking-pour-cep-interview-client\\\/#primaryimage\"},\"thumbnailUrl\":\"https:\\\/\\\/www.divis.eu\\\/wp-content\\\/uploads\\\/2020\\\/10\\\/w.albeck1-min.png\",\"datePublished\":\"2020-10-04T18:05:04+00:00\",\"dateModified\":\"2021-01-15T02:17:18+00:00\",\"description\":\"L'avantage d'une solution vid\u00e9o-tracking du point de vue d'un DG CEP. Wolfgang P. Albeck DG de trans-o-flex dans une interview client\",\"breadcrumb\":{\"@id\":\"https:\\\/\\\/www.divis.eu\\\/fr\\\/divis-video-tracking-pour-cep-interview-client\\\/#breadcrumb\"},\"inLanguage\":\"fr-FR\",\"potentialAction\":[{\"@type\":\"ReadAction\",\"target\":[\"https:\\\/\\\/www.divis.eu\\\/fr\\\/divis-video-tracking-pour-cep-interview-client\\\/\"]}]},{\"@type\":\"ImageObject\",\"inLanguage\":\"fr-FR\",\"@id\":\"https:\\\/\\\/www.divis.eu\\\/fr\\\/divis-video-tracking-pour-cep-interview-client\\\/#primaryimage\",\"url\":\"https:\\\/\\\/www.divis.eu\\\/wp-content\\\/uploads\\\/2020\\\/10\\\/w.albeck1-min.png\",\"contentUrl\":\"https:\\\/\\\/www.divis.eu\\\/wp-content\\\/uploads\\\/2020\\\/10\\\/w.albeck1-min.png\"},{\"@type\":\"BreadcrumbList\",\"@id\":\"https:\\\/\\\/www.divis.eu\\\/fr\\\/divis-video-tracking-pour-cep-interview-client\\\/#breadcrumb\",\"itemListElement\":[{\"@type\":\"ListItem\",\"position\":1,\"name\":\"Startseite\",\"item\":\"https:\\\/\\\/www.divis.eu\\\/fr\\\/\"},{\"@type\":\"ListItem\",\"position\":2,\"name\":\"DIVIS | Vid\u00e9o-tracking pour CEP &#8211; Interview client\"}]},{\"@type\":\"WebSite\",\"@id\":\"https:\\\/\\\/www.divis.eu\\\/#website\",\"url\":\"https:\\\/\\\/www.divis.eu\\\/\",\"name\":\"DIVIS - The intelligent view\",\"description\":\"Videosysteml\u00f6sungen f\u00fcr Umschlags- und Warenlager\",\"potentialAction\":[{\"@type\":\"SearchAction\",\"target\":{\"@type\":\"EntryPoint\",\"urlTemplate\":\"https:\\\/\\\/www.divis.eu\\\/?s={search_term_string}\"},\"query-input\":{\"@type\":\"PropertyValueSpecification\",\"valueRequired\":true,\"valueName\":\"search_term_string\"}}],\"inLanguage\":\"fr-FR\"}]}<\/script>\n<!-- \/ Yoast SEO plugin. -->","yoast_head_json":{"title":"DIVIS Bordesholm | Vid\u00e9o-tracking pour CEP | Interview client","description":"L'avantage d'une solution vid\u00e9o-tracking du point de vue d'un DG CEP. Wolfgang P. Albeck DG de trans-o-flex dans une interview client","robots":{"index":"index","follow":"follow","max-snippet":"max-snippet:-1","max-image-preview":"max-image-preview:large","max-video-preview":"max-video-preview:-1"},"canonical":"https:\/\/www.divis.eu\/fr\/divis-video-tracking-pour-cep-interview-client\/","og_locale":"fr_FR","og_type":"article","og_title":"DIVIS Bordesholm | Vid\u00e9o-tracking pour CEP | Interview client","og_description":"L'avantage d'une solution vid\u00e9o-tracking du point de vue d'un DG CEP. Wolfgang P. Albeck DG de trans-o-flex dans une interview client","og_url":"https:\/\/www.divis.eu\/fr\/divis-video-tracking-pour-cep-interview-client\/","og_site_name":"DIVIS - The intelligent view","article_modified_time":"2021-01-15T02:17:18+00:00","og_image":[{"url":"https:\/\/www.divis.eu\/wp-content\/uploads\/2020\/10\/w.albeck1-min.png","type":"","width":"","height":""}],"twitter_card":"summary_large_image","twitter_misc":{"Dur\u00e9e de lecture estim\u00e9e":"3 minutes"},"schema":{"@context":"https:\/\/schema.org","@graph":[{"@type":"WebPage","@id":"https:\/\/www.divis.eu\/fr\/divis-video-tracking-pour-cep-interview-client\/","url":"https:\/\/www.divis.eu\/fr\/divis-video-tracking-pour-cep-interview-client\/","name":"DIVIS Bordesholm | Vid\u00e9o-tracking pour CEP | Interview client","isPartOf":{"@id":"https:\/\/www.divis.eu\/#website"},"primaryImageOfPage":{"@id":"https:\/\/www.divis.eu\/fr\/divis-video-tracking-pour-cep-interview-client\/#primaryimage"},"image":{"@id":"https:\/\/www.divis.eu\/fr\/divis-video-tracking-pour-cep-interview-client\/#primaryimage"},"thumbnailUrl":"https:\/\/www.divis.eu\/wp-content\/uploads\/2020\/10\/w.albeck1-min.png","datePublished":"2020-10-04T18:05:04+00:00","dateModified":"2021-01-15T02:17:18+00:00","description":"L'avantage d'une solution vid\u00e9o-tracking du point de vue d'un DG CEP. Wolfgang P. Albeck DG de trans-o-flex dans une interview client","breadcrumb":{"@id":"https:\/\/www.divis.eu\/fr\/divis-video-tracking-pour-cep-interview-client\/#breadcrumb"},"inLanguage":"fr-FR","potentialAction":[{"@type":"ReadAction","target":["https:\/\/www.divis.eu\/fr\/divis-video-tracking-pour-cep-interview-client\/"]}]},{"@type":"ImageObject","inLanguage":"fr-FR","@id":"https:\/\/www.divis.eu\/fr\/divis-video-tracking-pour-cep-interview-client\/#primaryimage","url":"https:\/\/www.divis.eu\/wp-content\/uploads\/2020\/10\/w.albeck1-min.png","contentUrl":"https:\/\/www.divis.eu\/wp-content\/uploads\/2020\/10\/w.albeck1-min.png"},{"@type":"BreadcrumbList","@id":"https:\/\/www.divis.eu\/fr\/divis-video-tracking-pour-cep-interview-client\/#breadcrumb","itemListElement":[{"@type":"ListItem","position":1,"name":"Startseite","item":"https:\/\/www.divis.eu\/fr\/"},{"@type":"ListItem","position":2,"name":"DIVIS | Vid\u00e9o-tracking pour CEP &#8211; Interview client"}]},{"@type":"WebSite","@id":"https:\/\/www.divis.eu\/#website","url":"https:\/\/www.divis.eu\/","name":"DIVIS - The intelligent view","description":"Videosysteml\u00f6sungen f\u00fcr Umschlags- und Warenlager","potentialAction":[{"@type":"SearchAction","target":{"@type":"EntryPoint","urlTemplate":"https:\/\/www.divis.eu\/?s={search_term_string}"},"query-input":{"@type":"PropertyValueSpecification","valueRequired":true,"valueName":"search_term_string"}}],"inLanguage":"fr-FR"}]}},"_links":{"self":[{"href":"https:\/\/www.divis.eu\/fr\/wp-json\/wp\/v2\/pages\/20632","targetHints":{"allow":["GET"]}}],"collection":[{"href":"https:\/\/www.divis.eu\/fr\/wp-json\/wp\/v2\/pages"}],"about":[{"href":"https:\/\/www.divis.eu\/fr\/wp-json\/wp\/v2\/types\/page"}],"author":[{"embeddable":true,"href":"https:\/\/www.divis.eu\/fr\/wp-json\/wp\/v2\/users\/1"}],"replies":[{"embeddable":true,"href":"https:\/\/www.divis.eu\/fr\/wp-json\/wp\/v2\/comments?post=20632"}],"version-history":[{"count":0,"href":"https:\/\/www.divis.eu\/fr\/wp-json\/wp\/v2\/pages\/20632\/revisions"}],"wp:attachment":[{"href":"https:\/\/www.divis.eu\/fr\/wp-json\/wp\/v2\/media?parent=20632"}],"curies":[{"name":"wp","href":"https:\/\/api.w.org\/{rel}","templated":true}]}}