{"id":38571,"date":"2023-04-17T03:15:32","date_gmt":"2023-04-17T03:15:32","guid":{"rendered":"https:\/\/www.divis.eu\/dimension-plus-automatische-volumenvermessung\/"},"modified":"2024-10-15T09:40:50","modified_gmt":"2024-10-15T09:40:50","slug":"mesure-automatique-de-volume-pour-la-logistique-avec-dimension","status":"publish","type":"page","link":"https:\/\/www.divis.eu\/fr\/mesure-automatique-de-volume-pour-la-logistique-avec-dimension\/","title":{"rendered":"Mesure automatique de volume pour la logistique avec Dimension+"},"content":{"rendered":"\n<h3>\n\t\tInt\u00e9gration d&rsquo;une technologie novatrice de mesure volum\u00e9trique\n\t<\/h3>\n<h3>\n\t\tde notre partenaire Metrilus dans <strong>l&rsquo;\u00e9cosyst\u00e8me DIVIS<\/strong>\n\t<\/h3>\n\t\t\t\t<p>Gr\u00e2ce \u00e0 la technologie de mesure la plus moderne de notre partenaire Metrilus, Dimension<sup>+<\/sup> fait fusionner la mesure automatique de volume avec notre syst\u00e8me de gestion vid\u00e9o fiable CargoVIS sur une plateforme DIVIS facile d&rsquo;utilisation.<br \/>En tant qu&rsquo;utilisateur de nos solutions de gestion vid\u00e9o, vous avez la possibilit\u00e9 d&rsquo;int\u00e9grer la mesure automatique de volume dans le logiciel gr\u00e2ce \u00e0 la fonction Plus<sup>+<\/sup> Dimension<sup>+<\/sup> pour ainsi mesurer vos envois en quelques secondes.<\/p>\n\t\t\t\t<img decoding=\"async\" src=\"https:\/\/www.divis.eu\/wp-content\/uploads\/2023\/07\/artikelbild-divis-metrilus.png\" alt=\"Automatische Volumenvermessung mit Dimension+ powered by MetriXFreight f\u00fcr die Logistik | Partnerschaft mit Metrilus\" title=\"artikelbild-divis-metrilus\" itemprop=\"image\"\/>\n\t\t\t\t<h4><em>Non seulement ce syst\u00e8me de mesure recueille les donn\u00e9es de volume plus rapidement et plus pr\u00e9cis\u00e9ment que les mesures manuelles, mais il est \u00e9galement beaucoup plus efficace en termes de temps, m\u00eame par rapport aux autres solutions automatiques disponibles sur le march\u00e9.<\/em><\/h4>\n\t\t\t\t<img decoding=\"async\" src=\"https:\/\/www.divis.eu\/wp-content\/uploads\/2023\/06\/seitenbild-links3.png\" alt=\"Dimension+ | Automatische Volumenvermessung f\u00fcr die Logistik von DIVIS\" title=\"seitenbild-links3\" itemprop=\"image\"  \/>\n<h2>\n\t\tMesure automatique de volume\n\t<\/h2>\n<h4>\n\t\tavec Dimension<sup>+<\/sup> powered by\n\t\tMetriXFreight\n\t\t\t\t<\/h4>\t\n<h3>\n\t\tDe nombreux avantages pour votre entreprise\n\t<\/h3>\n\t\tMoins d&rsquo;une seconde par colis\t\t\t\n\t\t\t\t<p>La mesure automatique de volume pour la logistique s&rsquo;int\u00e8gre presque parfaitement dans les processus d&rsquo;entrep\u00f4t. Avec une prise de mesure effective inf\u00e9rieure \u00e0 une seconde, la technologie MetriXFreight est significativement plus rapide que toutes les autres technologies pratiqu\u00e9es sur le march\u00e9.<\/p>\n\t\t300 \u00e0 600 mesures par heure\t\t\t\n<p>Pour la mesure automatique du volume en quelques secondes, la marchandise est d\u00e9pos\u00e9e bri\u00e8vement sous l&rsquo;unit\u00e9 de mesure \u00e0 l&rsquo;aide du chariot \u00e9l\u00e9vateur &#8211; op\u00e9ration qui s&rsquo;int\u00e8gre sans probl\u00e8me dans les processus d&rsquo;entrep\u00f4t. Jusqu&rsquo;\u00e0 600 mesures automatiques de colis peuvent ainsi \u00eatre r\u00e9alis\u00e9es \u00e0 l&rsquo;heure.<\/p>\n\t\tUtilisation pr\u00e9cise des surfaces de chargement\t\t\t\n\t\t\t\t<p>Gr\u00e2ce \u00e0 ce syst\u00e8me de mesure, les \u00e9quipes du service de planification disposent \u00e0 temps de donn\u00e9es fiables sur le volume dans le TMS pour planifier avec pr\u00e9cision l&rsquo;utilisation des surfaces de chargement et optimiser les transports.<\/p>\n\t\tInt\u00e9gration omnidirectionnelle ind\u00e9pendante de la position\t\t\t\n\t\t\t\t<p>Gr\u00e2ce \u00e0 des possibilit\u00e9s de placement pratiquement ind\u00e9pendantes de la position, la mesure automatique du volume s&rsquo;int\u00e8gre id\u00e9alement dans les processus d&rsquo;entrep\u00f4t, sans former de goulot d&rsquo;\u00e9tranglement. Aucune surface suppl\u00e9mentaire n&rsquo;est n\u00e9cessaire pour les stations de mesure, qui peuvent \u00eatre command\u00e9es depuis toutes les directions. Cela permet d&rsquo;effectuer les mesures \u00e0 n&rsquo;importe quel endroit de l&rsquo;entrep\u00f4t sans perturber les processus.<\/p>\n\t\tAmortissement rapide\t\t\t\n\t\t\t\t<p>L&rsquo;efficacit\u00e9 g\u00e9n\u00e9r\u00e9e par la mesure en quelques secondes, les co\u00fbts d&rsquo;acquisition int\u00e9ressants ainsi que les avantages r\u00e9sultant de la combinaison du syst\u00e8me de gestion vid\u00e9o et de la mesure automatique de volume permettent un amortissement rapide et convaincant de Dimension<sup>+<\/sup>.<\/p>\n\t\tSyst\u00e8me de mesure certifi\u00e9\t\t\t\n\t\t\t\t<p>La mesure automatique de volume fournit des <a href=\"https:\/\/www.divis.eu\/fr\/faq-dimension-systeme-de-mesure-de-volume-pour-la-mesure-automatique-de-fret\/#calibrable\">donn\u00e9es de mesure certifi\u00e9es pouvant<\/a> \u00eatre notamment utilis\u00e9es pour facturer correctement les frais de transport des envois. Certifi\u00e9 OIML, ce syst\u00e8me de mesure permet actuellement d&rsquo;\u00e9talonner des envois d&rsquo;une taille <strong><a href=\"https:\/\/www.divis.eu\/fr\/faq-dimension-systeme-de-mesure-de-volume-pour-la-mesure-automatique-de-fret\/#dimensions\">maximum de 650 x 260 x 260 cm<\/a><\/strong>.<\/p>\n\t\t Taux de mesure automatique compris de 90 %\t\t\t\n\t\t\t\t<p>La mesure automatique de volume permet de saisir <a href=\"https:\/\/www.divis.eu\/fr\/faq-dimension-systeme-de-mesure-de-volume-pour-la-mesure-automatique-de-fret\/#type\">presque tous les envois<\/a> &#8211; en g\u00e9n\u00e9ral, au moins 90 %.<br \/>En fonction de la structure de marchandises, il est possible d&rsquo;en mesurer un plus grand nombre.<\/p>\n\t\tB\u00e9n\u00e9fice \u00e9cologique et \u00e9conomique\t\t\t\n\t\t\t\t<p>L&rsquo;utilisation plus efficace de l&rsquo;espace de chargement permet de r\u00e9duire les trajets exc\u00e9dentaires, ce qui entra\u00eene \u00e0 son tour une diminution du nombre de camions sur les routes, un avantage tant du point de vue \u00e9conomique qu&rsquo;\u00e9cologique.<\/p>\n\t\tPertes financi\u00e8res r\u00e9duites\t\t\t\n\t\t\t\t<p>Les informations de volume \u00e9talonn\u00e9es saisies par le syst\u00e8me de mesure permettent une facturation exacte des frais de transport. En cas d&rsquo;erreurs dans les donn\u00e9es de volume indiqu\u00e9es, elles aident \u00e9galement \u00e0 effectuer des calculs ult\u00e9rieurs corrects. Les donn\u00e9es de mesure fiables permettent aussi une utilisation optimale de la surface de chargement, garantie d&rsquo;\u00e9conomie de co\u00fbts gr\u00e2ce \u00e0 moins de trajets exc\u00e9dentaires.<\/p>\n<h4>\n\t\tDe nombreuses donn\u00e9es essentielles sur une plateforme DIVIS unique\n\t<\/h4>\n<h2>\n\t\tAvantages de combiner CargoVIS et la mesure automatique de volume avec Dimension<sup>+<\/sup>\n\t<\/h2>\n\t<ul>\n\t\t<li>\t\t\t\t\n\t\tPas de solution isol\u00e9e<p>Le syst\u00e8me de mesure est<strong> int\u00e9gr\u00e9 \u00e0 part enti\u00e8re dans CargoVIS<\/strong> ; ainsi,<strong> il n&rsquo;y a plus besoin de solutions isol\u00e9es.<\/strong><\/p><\/li><li>\t\t\t\t\n\t\tPotentiel d&rsquo;optimisation et d&rsquo;\u00e9conomie<p>La combinaison des donn\u00e9es de volume Dimension<sup>+<\/sup> avec d&rsquo;autres donn\u00e9es d&rsquo;envoi de nos solutions logicielles g\u00e9n\u00e8re un <strong>potentiel d&rsquo;optimisation et d&rsquo;\u00e9conomie complet<\/strong> pour vos processus logistiques.<\/p><\/li>\t<\/ul>\n\t<ul>\n\t\t<li>\t\t\t\t\n\t\tUne meilleure qualit\u00e9 de service<p>Gr\u00e2ce \u00e0 notre solution, vous pouvez<strong> augmenter la qualit\u00e9 de votre service<\/strong> t<strong>out en \u00e9conomisant du temps et de l&rsquo;argent<\/strong>.<\/p><\/li><li>\t\t\t\t\n\t\tFacile \u00e0 appr\u00e9hender<p>La combinaison de la mesure automatique de volume avec CargoVIS sur une plateforme DIVIS unique assure une <strong>exp\u00e9rience utilisateur uniforme<\/strong> tout en <strong>\u00e9vitant un apprentissage suppl\u00e9mentaire<\/strong>.<\/p><\/li>\t<\/ul>\n<h4>\n\t\tMesure automatique de volume pour la logistique avec Dimension<sup>+<\/sup> chez Emons\n\t<\/h4>\n\t  <div class=\"brlbs-cmpnt-container brlbs-cmpnt-content-blocker brlbs-cmpnt-with-individual-styles\" data-borlabs-cookie-content-blocker-id=\"youtube-content-blocker\" data-borlabs-cookie-content=\"PGlmcmFtZSB3aWR0aD0iNTYwIiBoZWlnaHQ9IjMxNSIgc3JjPSJodHRwczovL3d3dy55b3V0dWJlLW5vY29va2llLmNvbS9lbWJlZC9vd2hVbkZhUzYtYz9yZWw9MCZzaG93aW5mbz0wJm1vZGVzdGJyYW5kaW5nPTEiIGZyYW1lYm9yZGVyPSIwIiBhbGxvdz0iYWNjZWxlcm9tZXRlcjsgYXV0b3BsYXk7IGVuY3J5cHRlZC1tZWRpYTsgZ3lyb3Njb3BlOyBwaWN0dXJlLWluLXBpY3R1cmUiIGFsbG93ZnVsbHNjcmVlbj48L2lmcmFtZT4=\"><div class=\"brlbs-cmpnt-cb-preset-c brlbs-cmpnt-cb-youtube\"> <div class=\"brlbs-cmpnt-cb-thumbnail\" style=\"background-image: url('https:\/\/www.divis.eu\/wp-content\/uploads\/borlabs-cookie\/1\/yt_owhUnFaS6-c_hqdefault.jpg')\"><\/div> <div class=\"brlbs-cmpnt-cb-main\"> <div class=\"brlbs-cmpnt-cb-play-button\"><\/div> <div class=\"brlbs-cmpnt-cb-content\"> <p class=\"brlbs-cmpnt-cb-description\">Vous \u00eates actuellement en train de consulter le contenu d&rsquo;un espace r\u00e9serv\u00e9 de <strong>YouTube<\/strong>. Pour acc\u00e9der au contenu r\u00e9el, cliquez sur le bouton ci-dessous. Veuillez noter que ce faisant, des donn\u00e9es seront partag\u00e9es avec des providers tiers.<\/p> <a class=\"brlbs-cmpnt-cb-provider-toggle\" href=\"#\" data-borlabs-cookie-show-provider-information role=\"button\">Plus d&rsquo;informations<\/a> <\/div> <div class=\"brlbs-cmpnt-cb-buttons\"> <a class=\"brlbs-cmpnt-cb-btn\" href=\"#\" data-borlabs-cookie-unblock role=\"button\">D\u00e9bloquer le contenu<\/a> <a class=\"brlbs-cmpnt-cb-btn\" href=\"#\" data-borlabs-cookie-accept-service role=\"button\" style=\"display: inherit\">Accepter le service requis et d\u00e9bloquer les contenus<\/a> <\/div> <\/div> <\/div><\/div>\n<h2>\n\t\tDimension<sup>+<\/sup> powered by MetriXFreight est une fonction Plus<sup>+<\/sup> pour notre syst\u00e8me de gestion vid\u00e9o\n\t<\/h2>\n\t\t\t\t<img decoding=\"async\" src=\"https:\/\/www.divis.eu\/wp-content\/uploads\/2018\/01\/logo-cargovis-gr.png\" alt=\"logo-cargovis-gr\" title=\"logo-cargovis-gr\" itemprop=\"image\"\/>\n\t\t<h3>Aper\u00e7u rapide des envois palettis\u00e9s avec CargoVIS<\/h3>\t\t\t\n\t\t\t\t<p>Avec notre logiciel de gestion vid\u00e9o pour les entrep\u00f4ts de transbordement, CargoVIS, nous vous offrons une solution syst\u00e8me compl\u00e8te et facile \u00e0 utiliser pour la recherche par images et le suivi des envois de marchandises palettis\u00e9es.<\/p>\n\t\t\t<a href=\"#\" title=\"Click Here\" target=\"_self\" role=\"button\" aria-label=\"En savoir plus sur CargoVIS\" rel=\"noopener\">\n\t\t\t\t\t\t\tEn savoir plus sur CargoVIS\n\t\t<\/a>\n\t\t\t\t<img decoding=\"async\" src=\"https:\/\/www.divis.eu\/wp-content\/uploads\/2018\/01\/logo-parcelvis-gr.png\" alt=\"\" title=\"\" itemprop=\"image\"\/>\n\t\t<h3>ParcelVIS pour l&rsquo;entrep\u00f4t de transbordement &#038; fournisseur de services CEP<\/h3>\t\t\t\n<p>\u00c9conomisez du temps et de l&rsquo;argent et laissez ParcelVIS travailler efficacement pour vous avec la recherche d&rsquo;envois par images dans l&rsquo;entrep\u00f4t de transbordement\u00a0: La saisie du num\u00e9ro de l&rsquo;\u00e9tiquette du colis est la cl\u00e9 de toutes les informations n\u00e9cessaires \u00e0 la localisation et l&rsquo;\u00e9tat d&rsquo;un envoi pour tous les \u00e9v\u00e9nements de num\u00e9risation qui ont eu lieu.<\/p>\n\t\t\t<a href=\"https:\/\/www.divis.eu\/fr\/parcelvis-recherche-denvois-guidee-par-images-dans-les-entrepots-de-transbordement\/\" title=\"Click Here\" target=\"_self\" role=\"button\" aria-label=\"En savoir plus sur ParcelVIS\" rel=\"noopener\">\n\t\t\t\t\t\t\tEn savoir plus sur ParcelVIS\n\t\t<\/a>\n\t\t\t\t<img decoding=\"async\" src=\"https:\/\/www.divis.eu\/wp-content\/uploads\/2018\/01\/logo-storevis-gr.png\" alt=\"\" title=\"\" itemprop=\"image\"\/>\n\t\t<h3>StoreVIS pour la logistique d&rsquo;entrep\u00f4t<\/h3>\t\t\t\n\t\t\t\t<p>Avec StoreVIS, vous n&rsquo;avez plus besoin de vous fier \u00e0 votre intuition, mais vous pouvez d\u00e9couvrir les potentiels d&rsquo;optimisation existants \u00e0 l&rsquo;aide de chiffres cl\u00e9s concrets. La solution intelligente StoreVIS vous assiste dans la vid\u00e9osurveillance dans la gestion des marchandises. Vos processus de retour et de pr\u00e9paration de commandes sont enti\u00e8rement couverts et les pi\u00e8ges en mati\u00e8re de co\u00fbts sont plus faciles \u00e0 d\u00e9tecter.<\/p>\n\t\t\t<a href=\"https:\/\/www.divis.eu\/fr\/storevis-pour-la-videosurveillance-dans-la-gestion-des-marchandises\/\" title=\"Click Here\" target=\"_self\" role=\"button\" aria-label=\"En savoir plus sur StoreVIS\" rel=\"noopener\">\n\t\t\t\t\t\t\tEn savoir plus sur StoreVIS\n\t\t<\/a>\n\t\t\t\t<img decoding=\"async\" src=\"https:\/\/www.divis.eu\/wp-content\/uploads\/2018\/01\/logo-van-duuren-weiss.png\" alt=\"logo-van-duuren-weiss\" title=\"logo-van-duuren-weiss\" itemprop=\"image\"\/>\n\t\t\t\t\t\t\t\t<h3 class='uabb-testimonial-author-name testimonial-author-name'>Van Duuren<\/h3>\t\t\t\t\t\t\t\t\n\t\t\t\t\t\t\t\t\tPays-Bas\t\t\t\t\t\t\t\t\n\t\t\t\t\t\t\t<blockquote><p>\u00ab CargoVIS fonctionne parfaitement, tout le monde s&rsquo;y est habitu\u00e9 et nous ne pouvons plus nous en passer. \u00bb<\/p><\/blockquote>\t\t\t\t\t\t\n\t\t\t\t<img decoding=\"async\" src=\"https:\/\/www.divis.eu\/wp-content\/uploads\/2018\/01\/logo-tsb.png\" alt=\"logo-tsb\" title=\"logo-tsb\" itemprop=\"image\"\/>\n\t\t\t\t\t\t\t\t<h3 class='uabb-testimonial-author-name testimonial-author-name'>TSBtrans<\/h3>\t\t\t\t\t\t\t\t\n\t\t\t\t\t\t\t\t\tEspagne\t\t\t\t\t\t\t\t\n\t\t\t\t\t\t\t<blockquote><p>\u00ab\u00a0CargoVIS est absolument fiable, gr\u00e2ce \u00e0 ses capacit\u00e9s de suivi, l&rsquo;investissement pour TSB s&rsquo;est amorti en moins d&rsquo;un an en trouvant les palettes manquantes et en identifiant les sources de dommages.\u00a0\u00bb<\/p><\/blockquote>\t\t\t\t\t\t\n\t\t\t\t<img decoding=\"async\" src=\"https:\/\/www.divis.eu\/wp-content\/uploads\/2018\/01\/logo-lagermax.png\" alt=\"logo-lagermax\" title=\"logo-lagermax\" itemprop=\"image\"\/>\n\t\t\t\t\t\t\t\t<h3 class='uabb-testimonial-author-name testimonial-author-name'>Lagermax Paketdienst GmbH &amp; Co KG<\/h3>\t\t\t\t\t\t\t\t\n\t\t\t\t\t\t\t\t\tAutriche\t\t\t\t\t\t\t\t\n\t\t\t\t\t\t\t<blockquote><p>\u00ab\u00a0Nous utilisons ParcelVIS de DIVIS depuis 5 ans et n&rsquo;avons jamais rencontr\u00e9 de probl\u00e8mes.\u00a0\u00bb<\/p><\/blockquote>\t\t\t\t\t\t\n\t\t\t\t<img decoding=\"async\" src=\"https:\/\/www.divis.eu\/wp-content\/uploads\/2018\/01\/logo-voigt-invers.png\" alt=\"logo-voigt-invers\" title=\"logo-voigt-invers\" itemprop=\"image\"\/>\n\t\t\t\t\t\t\t\t<h3 class='uabb-testimonial-author-name testimonial-author-name'>Herbert Voigt GmbH &amp; Co. KG<\/h3>\t\t\t\t\t\t\t\t\n\t\t\t\t\t\t\t\t\tAllemagne\t\t\t\t\t\t\t\t\n\t\t\t\t\t\t\t<blockquote><p>\u00ab\u00a0Avec DIVIS, nous avons trouv\u00e9 un partenaire comp\u00e9tent qui a toujours une solution pour nos propres id\u00e9es.\u00a0\u00bb<\/p><\/blockquote>\t\t\t\t\t\t\n\t\t\t\t<img decoding=\"async\" src=\"https:\/\/www.divis.eu\/wp-content\/uploads\/2018\/01\/logo-schmalz-schoen.png\" alt=\"logo-schmalz-schoen\" title=\"logo-schmalz-schoen\" itemprop=\"image\"\/>\n\t\t\t\t\t\t\t\t<h3 class='uabb-testimonial-author-name testimonial-author-name'>SCHMALZ+SCH\u00d6N Logistics GmbH<\/h3>\t\t\t\t\t\t\t\t\n\t\t\t\t\t\t\t\t\tAllemagne\t\t\t\t\t\t\t\t\n\t\t\t\t\t\t\t<blockquote><p>\u00ab\u00a0La solution parfaite m\u00eame pour les zones de transbordement h\u00e9t\u00e9rog\u00e8nes &#8211; la vid\u00e9osurveillance de DIVIS\u00a0qui vole au secours des colis. \u00bb<\/p><\/blockquote>\t\t\t\t\t\t\n\t\t\t<a href=\"https:\/\/www.divis.eu\/fr\/references-etudes-de-cas-suivi-des-envois-dans-lentrepot\/\" title=\"Click Here\" target=\"_self\" role=\"button\" aria-label=\"Aller aux \u00e9tudes de cas\" rel=\"noopener\">\n\t\t\t\t\t\t\tAller aux \u00e9tudes de cas\n\t\t<\/a>\n\t\t\t\t<img decoding=\"async\" src=\"https:\/\/www.divis.eu\/wp-content\/uploads\/2018\/01\/hendrik-reger-1.png\" alt=\"Hendrik Reger | DIVIS | Videol\u00f6sungen f\u00fcr die Logistik\" itemprop=\"image\" height=\"385\" width=\"300\" title=\"hendrik-reger\" onerror=\"this.style.display='none'\"  \/>\n\t<em><strong>Hendrik Reger<\/strong><br \/>\nDirecteur g\u00e9n\u00e9ral<\/em>\n<h1>\n\t\tAvez-vous des questions ?\n\t<\/h1>\n<h1>\n\t\tNous avons des r\u00e9ponses\n\t<\/h1>\n\t<p>Notre \u00e9quipe est \u00e0 votre disposition pour r\u00e9pondre \u00e0 vos questions sur nos produits et se fera un plaisir de vous conseiller gratuitement et sans engagement.<\/p>\n\t\t\t<a href=\"https:\/\/www.divis.eu\/fr\/contacter-divis-fournisseur-pour-le-suivi-des-envois-par-camera\/\" title=\"Click Here\" target=\"_self\" role=\"button\" aria-label=\"Contacter DIVIS\" rel=\"noopener\">\n\t\t\t\t\t\t\tContacter DIVIS\n\t\t<\/a>\n\t\t\t\t<img decoding=\"async\" src=\"https:\/\/www.divis.eu\/wp-content\/uploads\/2018\/01\/kundenlogo-CTL-1.png\" alt=\"CTL | DIVIS Kunde\" title=\"kundenlogo-CTL\" itemprop=\"image\"  \/>\n\t\t\t\t<img decoding=\"async\" src=\"https:\/\/www.divis.eu\/wp-content\/uploads\/2018\/01\/kundenlogo-dpd.png\" alt=\"kundenlogo-dpd\" title=\"kundenlogo-dpd\" itemprop=\"image\"  \/>\n\t\t\t\t<img decoding=\"async\" src=\"https:\/\/www.divis.eu\/wp-content\/uploads\/2018\/01\/kundenlogo-online.png\" alt=\"kundenlogo-online\" title=\"kundenlogo-online\" itemprop=\"image\"  \/>\n\t\t\t\t<img decoding=\"async\" src=\"https:\/\/www.divis.eu\/wp-content\/uploads\/2018\/01\/kundenlogo-rhenus.png\" alt=\"Rhenus Logistics | DIVIS-Kunde\" title=\"kundenlogo-rhenus\" itemprop=\"image\"  \/>\n\t\t\t\t<img decoding=\"async\" src=\"https:\/\/www.divis.eu\/wp-content\/uploads\/2018\/01\/kundenlogo-tsb.png\" alt=\"kundenlogo-tsb\" title=\"kundenlogo-tsb\" itemprop=\"image\"  \/>\n\t\t\t\t<img decoding=\"async\" src=\"https:\/\/www.divis.eu\/wp-content\/uploads\/2018\/01\/logo-van-duuren-mono-2.png\" alt=\"logo-van-duuren-mono\" title=\"logo-van-duuren-mono\" itemprop=\"image\"  \/>\n\t\t\t\t<img decoding=\"async\" src=\"https:\/\/www.divis.eu\/wp-content\/uploads\/2018\/01\/kundenlogo-transoflex-3.png\" alt=\"kundenlogo-transoflex\" title=\"kundenlogo-transoflex\" itemprop=\"image\"  \/>\n\t\t\t\t<img decoding=\"async\" src=\"https:\/\/www.divis.eu\/wp-content\/uploads\/2018\/01\/kundenlogo-emons.png\" alt=\"Emons | DIVIS-Kunde\" title=\"kundenlogo-emons\" itemprop=\"image\"  \/>\n\t\t\t\t<img decoding=\"async\" src=\"https:\/\/www.divis.eu\/wp-content\/uploads\/2018\/01\/kundenlogo-geis.png\" alt=\"Spedition Geis | DIVIS-Kunde\" title=\"kundenlogo-geis\" itemprop=\"image\"  \/>\n\t\t\t\t<img decoding=\"async\" src=\"https:\/\/www.divis.eu\/wp-content\/uploads\/2018\/01\/kundenlogo-gebrueder-weiss.png\" alt=\"Gebr\u00fcder Weiss | DIVIS-Kunde\" title=\"kundenlogo-gebrueder-weiss\" itemprop=\"image\"  \/>\n\t\t\t\t<img decoding=\"async\" src=\"https:\/\/www.divis.eu\/wp-content\/uploads\/2018\/01\/kundenlogo-tchibo.png\" alt=\"Tchibo | DIVIS-Kunde\" title=\"kundenlogo-tchibo\" itemprop=\"image\"  \/>\n\t\t\t\t<img decoding=\"async\" src=\"https:\/\/www.divis.eu\/wp-content\/uploads\/2018\/01\/kundenlogo-24plus.png\" alt=\"kundenlogo-24plus\" title=\"kundenlogo-24plus\" itemprop=\"image\"  \/>\n\n","protected":false},"excerpt":{"rendered":"<p>Int\u00e9gration d&rsquo;une technologie novatrice de mesure volum\u00e9trique de notre partenaire Metrilus dans l&rsquo;\u00e9cosyst\u00e8me DIVIS Gr\u00e2ce \u00e0 la technologie de mesure la plus moderne de notre partenaire Metrilus, Dimension+ fait fusionner la mesure automatique de volume avec notre syst\u00e8me de gestion vid\u00e9o fiable CargoVIS sur une plateforme DIVIS facile d&rsquo;utilisation.En tant qu&rsquo;utilisateur de nos solutions de&hellip;<\/p>\n","protected":false},"author":1,"featured_media":38633,"parent":0,"menu_order":0,"comment_status":"closed","ping_status":"closed","template":"","meta":{"footnotes":""},"class_list":["post-38571","page","type-page","status-publish","has-post-thumbnail","hentry"],"yoast_head":"<!-- This site is optimized with the Yoast SEO plugin v27.5 - https:\/\/yoast.com\/product\/yoast-seo-wordpress\/ -->\n<title>Mesure automatique de volume pour la logistique avec Dimension+<\/title>\n<meta name=\"description\" content=\"Mesure automatique de volume avec Dimension+ powered by MetriXFreight pour une mesure rapide et pr\u00e9cise des colis sans perturber les processus\" \/>\n<meta name=\"robots\" content=\"index, follow, max-snippet:-1, max-image-preview:large, max-video-preview:-1\" \/>\n<link rel=\"canonical\" href=\"https:\/\/www.divis.eu\/fr\/mesure-automatique-de-volume-pour-la-logistique-avec-dimension\/\" \/>\n<meta property=\"og:locale\" content=\"fr_FR\" \/>\n<meta property=\"og:type\" content=\"article\" \/>\n<meta property=\"og:title\" content=\"Mesure automatique de volume pour la logistique avec Dimension+\" \/>\n<meta property=\"og:description\" content=\"Mesure automatique de volume avec Dimension+ powered by MetriXFreight pour une mesure rapide et pr\u00e9cise des colis sans perturber les processus\" \/>\n<meta property=\"og:url\" content=\"https:\/\/www.divis.eu\/fr\/mesure-automatique-de-volume-pour-la-logistique-avec-dimension\/\" \/>\n<meta property=\"og:site_name\" content=\"DIVIS - The intelligent view\" \/>\n<meta property=\"article:modified_time\" content=\"2024-10-15T09:40:50+00:00\" \/>\n<meta property=\"og:image\" content=\"https:\/\/www.divis.eu\/wp-content\/uploads\/2024\/09\/dimension-plus-social-media-FR2-1.jpg\" \/>\n\t<meta property=\"og:image:width\" content=\"1200\" \/>\n\t<meta property=\"og:image:height\" content=\"627\" \/>\n\t<meta property=\"og:image:type\" content=\"image\/jpeg\" \/>\n<meta name=\"twitter:card\" content=\"summary_large_image\" \/>\n<meta name=\"twitter:label1\" content=\"Dur\u00e9e de lecture estim\u00e9e\" \/>\n\t<meta name=\"twitter:data1\" content=\"14 minutes\" \/>\n<script type=\"application\/ld+json\" class=\"yoast-schema-graph\">{\"@context\":\"https:\\\/\\\/schema.org\",\"@graph\":[{\"@type\":\"WebPage\",\"@id\":\"https:\\\/\\\/www.divis.eu\\\/fr\\\/mesure-automatique-de-volume-pour-la-logistique-avec-dimension\\\/\",\"url\":\"https:\\\/\\\/www.divis.eu\\\/fr\\\/mesure-automatique-de-volume-pour-la-logistique-avec-dimension\\\/\",\"name\":\"Mesure automatique de volume pour la logistique avec Dimension+\",\"isPartOf\":{\"@id\":\"https:\\\/\\\/www.divis.eu\\\/#website\"},\"primaryImageOfPage\":{\"@id\":\"https:\\\/\\\/www.divis.eu\\\/fr\\\/mesure-automatique-de-volume-pour-la-logistique-avec-dimension\\\/#primaryimage\"},\"image\":{\"@id\":\"https:\\\/\\\/www.divis.eu\\\/fr\\\/mesure-automatique-de-volume-pour-la-logistique-avec-dimension\\\/#primaryimage\"},\"thumbnailUrl\":\"https:\\\/\\\/www.divis.eu\\\/wp-content\\\/uploads\\\/2024\\\/09\\\/dimension-plus-social-media-FR2-1.jpg\",\"datePublished\":\"2023-04-17T03:15:32+00:00\",\"dateModified\":\"2024-10-15T09:40:50+00:00\",\"description\":\"Mesure automatique de volume avec Dimension+ powered by MetriXFreight pour une mesure rapide et pr\u00e9cise des colis sans perturber les processus\",\"breadcrumb\":{\"@id\":\"https:\\\/\\\/www.divis.eu\\\/fr\\\/mesure-automatique-de-volume-pour-la-logistique-avec-dimension\\\/#breadcrumb\"},\"inLanguage\":\"fr-FR\",\"potentialAction\":[{\"@type\":\"ReadAction\",\"target\":[\"https:\\\/\\\/www.divis.eu\\\/fr\\\/mesure-automatique-de-volume-pour-la-logistique-avec-dimension\\\/\"]}]},{\"@type\":\"ImageObject\",\"inLanguage\":\"fr-FR\",\"@id\":\"https:\\\/\\\/www.divis.eu\\\/fr\\\/mesure-automatique-de-volume-pour-la-logistique-avec-dimension\\\/#primaryimage\",\"url\":\"https:\\\/\\\/www.divis.eu\\\/wp-content\\\/uploads\\\/2024\\\/09\\\/dimension-plus-social-media-FR2-1.jpg\",\"contentUrl\":\"https:\\\/\\\/www.divis.eu\\\/wp-content\\\/uploads\\\/2024\\\/09\\\/dimension-plus-social-media-FR2-1.jpg\",\"width\":1200,\"height\":627},{\"@type\":\"BreadcrumbList\",\"@id\":\"https:\\\/\\\/www.divis.eu\\\/fr\\\/mesure-automatique-de-volume-pour-la-logistique-avec-dimension\\\/#breadcrumb\",\"itemListElement\":[{\"@type\":\"ListItem\",\"position\":1,\"name\":\"Startseite\",\"item\":\"https:\\\/\\\/www.divis.eu\\\/fr\\\/\"},{\"@type\":\"ListItem\",\"position\":2,\"name\":\"Mesure automatique de volume pour la logistique avec Dimension+\"}]},{\"@type\":\"WebSite\",\"@id\":\"https:\\\/\\\/www.divis.eu\\\/#website\",\"url\":\"https:\\\/\\\/www.divis.eu\\\/\",\"name\":\"DIVIS - The intelligent view\",\"description\":\"Videosysteml\u00f6sungen f\u00fcr Umschlags- und Warenlager\",\"potentialAction\":[{\"@type\":\"SearchAction\",\"target\":{\"@type\":\"EntryPoint\",\"urlTemplate\":\"https:\\\/\\\/www.divis.eu\\\/?s={search_term_string}\"},\"query-input\":{\"@type\":\"PropertyValueSpecification\",\"valueRequired\":true,\"valueName\":\"search_term_string\"}}],\"inLanguage\":\"fr-FR\"}]}<\/script>\n<!-- \/ Yoast SEO plugin. -->","yoast_head_json":{"title":"Mesure automatique de volume pour la logistique avec Dimension+","description":"Mesure automatique de volume avec Dimension+ powered by MetriXFreight pour une mesure rapide et pr\u00e9cise des colis sans perturber les processus","robots":{"index":"index","follow":"follow","max-snippet":"max-snippet:-1","max-image-preview":"max-image-preview:large","max-video-preview":"max-video-preview:-1"},"canonical":"https:\/\/www.divis.eu\/fr\/mesure-automatique-de-volume-pour-la-logistique-avec-dimension\/","og_locale":"fr_FR","og_type":"article","og_title":"Mesure automatique de volume pour la logistique avec Dimension+","og_description":"Mesure automatique de volume avec Dimension+ powered by MetriXFreight pour une mesure rapide et pr\u00e9cise des colis sans perturber les processus","og_url":"https:\/\/www.divis.eu\/fr\/mesure-automatique-de-volume-pour-la-logistique-avec-dimension\/","og_site_name":"DIVIS - The intelligent view","article_modified_time":"2024-10-15T09:40:50+00:00","og_image":[{"width":1200,"height":627,"url":"https:\/\/www.divis.eu\/wp-content\/uploads\/2024\/09\/dimension-plus-social-media-FR2-1.jpg","type":"image\/jpeg"}],"twitter_card":"summary_large_image","twitter_misc":{"Dur\u00e9e de lecture estim\u00e9e":"14 minutes"},"schema":{"@context":"https:\/\/schema.org","@graph":[{"@type":"WebPage","@id":"https:\/\/www.divis.eu\/fr\/mesure-automatique-de-volume-pour-la-logistique-avec-dimension\/","url":"https:\/\/www.divis.eu\/fr\/mesure-automatique-de-volume-pour-la-logistique-avec-dimension\/","name":"Mesure automatique de volume pour la logistique avec Dimension+","isPartOf":{"@id":"https:\/\/www.divis.eu\/#website"},"primaryImageOfPage":{"@id":"https:\/\/www.divis.eu\/fr\/mesure-automatique-de-volume-pour-la-logistique-avec-dimension\/#primaryimage"},"image":{"@id":"https:\/\/www.divis.eu\/fr\/mesure-automatique-de-volume-pour-la-logistique-avec-dimension\/#primaryimage"},"thumbnailUrl":"https:\/\/www.divis.eu\/wp-content\/uploads\/2024\/09\/dimension-plus-social-media-FR2-1.jpg","datePublished":"2023-04-17T03:15:32+00:00","dateModified":"2024-10-15T09:40:50+00:00","description":"Mesure automatique de volume avec Dimension+ powered by MetriXFreight pour une mesure rapide et pr\u00e9cise des colis sans perturber les processus","breadcrumb":{"@id":"https:\/\/www.divis.eu\/fr\/mesure-automatique-de-volume-pour-la-logistique-avec-dimension\/#breadcrumb"},"inLanguage":"fr-FR","potentialAction":[{"@type":"ReadAction","target":["https:\/\/www.divis.eu\/fr\/mesure-automatique-de-volume-pour-la-logistique-avec-dimension\/"]}]},{"@type":"ImageObject","inLanguage":"fr-FR","@id":"https:\/\/www.divis.eu\/fr\/mesure-automatique-de-volume-pour-la-logistique-avec-dimension\/#primaryimage","url":"https:\/\/www.divis.eu\/wp-content\/uploads\/2024\/09\/dimension-plus-social-media-FR2-1.jpg","contentUrl":"https:\/\/www.divis.eu\/wp-content\/uploads\/2024\/09\/dimension-plus-social-media-FR2-1.jpg","width":1200,"height":627},{"@type":"BreadcrumbList","@id":"https:\/\/www.divis.eu\/fr\/mesure-automatique-de-volume-pour-la-logistique-avec-dimension\/#breadcrumb","itemListElement":[{"@type":"ListItem","position":1,"name":"Startseite","item":"https:\/\/www.divis.eu\/fr\/"},{"@type":"ListItem","position":2,"name":"Mesure automatique de volume pour la logistique avec Dimension+"}]},{"@type":"WebSite","@id":"https:\/\/www.divis.eu\/#website","url":"https:\/\/www.divis.eu\/","name":"DIVIS - The intelligent view","description":"Videosysteml\u00f6sungen f\u00fcr Umschlags- und Warenlager","potentialAction":[{"@type":"SearchAction","target":{"@type":"EntryPoint","urlTemplate":"https:\/\/www.divis.eu\/?s={search_term_string}"},"query-input":{"@type":"PropertyValueSpecification","valueRequired":true,"valueName":"search_term_string"}}],"inLanguage":"fr-FR"}]}},"_links":{"self":[{"href":"https:\/\/www.divis.eu\/fr\/wp-json\/wp\/v2\/pages\/38571","targetHints":{"allow":["GET"]}}],"collection":[{"href":"https:\/\/www.divis.eu\/fr\/wp-json\/wp\/v2\/pages"}],"about":[{"href":"https:\/\/www.divis.eu\/fr\/wp-json\/wp\/v2\/types\/page"}],"author":[{"embeddable":true,"href":"https:\/\/www.divis.eu\/fr\/wp-json\/wp\/v2\/users\/1"}],"replies":[{"embeddable":true,"href":"https:\/\/www.divis.eu\/fr\/wp-json\/wp\/v2\/comments?post=38571"}],"version-history":[{"count":0,"href":"https:\/\/www.divis.eu\/fr\/wp-json\/wp\/v2\/pages\/38571\/revisions"}],"wp:featuredmedia":[{"embeddable":true,"href":"https:\/\/www.divis.eu\/fr\/wp-json\/wp\/v2\/media\/38633"}],"wp:attachment":[{"href":"https:\/\/www.divis.eu\/fr\/wp-json\/wp\/v2\/media?parent=38571"}],"curies":[{"name":"wp","href":"https:\/\/api.w.org\/{rel}","templated":true}]}}